{"id":1196,"date":"2023-12-13T16:01:18","date_gmt":"2023-12-13T16:01:18","guid":{"rendered":"https:\/\/anuario2023.torrefuerte.bo\/?page_id=1196"},"modified":"2023-12-13T22:48:58","modified_gmt":"2023-12-13T22:48:58","slug":"lanzamiento-tfe-la-radio-y-app-torre-fuerte","status":"publish","type":"page","link":"https:\/\/anuario2023.torrefuerte.bo\/index.php\/lanzamiento-tfe-la-radio-y-app-torre-fuerte\/","title":{"rendered":"LANZAMIENTO TFE LA RADIO Y APP TORRE FUERTE"},"content":{"rendered":"\n<p>El a\u00f1o 2023 marc\u00f3 un hito significativo para nuestra congregaci\u00f3n al ver materializado con mayor fuerza y consolidaci\u00f3n el sue\u00f1o comunicacional que compartimos: la pasi\u00f3n por predicar el evangelio. Este compromiso se ha transformado y hecho m\u00e1s accesible a trav\u00e9s de <strong>TFE LA RADIO<\/strong>, representando un nuevo y emocionante cap\u00edtulo en nuestro servicio.<\/p>\n\n\n\n<p>El mi\u00e9rcoles 9 de agosto quedar\u00e1 eternamente grabado en nuestros corazones como el d\u00eda en que lanzamos nuestro primer programa en vivo: <em><strong>&#8220;A una voz&#8221;<\/strong><\/em>. Este fue solo el comienzo, ya que a partir de ese d\u00eda se sumaron una serie de nuevos programas y podcasts que hab\u00edan estado siendo cuidadosamente trabajados tras bastidores en las semanas y meses previos.<\/p>\n\n\n\n<p>La preparaci\u00f3n para este proyecto fue intensa, con muchas personas comprometidas en el servicio de esta visi\u00f3n que algunos denominaron &#8220;el proyecto m\u00e1s importante de los pr\u00f3ximos a\u00f1os&#8221;. A pesar de los desaf\u00edos y obst\u00e1culos que surgieron durante la fase de preproducci\u00f3n, cada uno fue superado de la mejor manera posible, confiando en la gu\u00eda del Esp\u00edritu Santo.<\/p>\n\n\n\n<p>En un mundo globalizado, saturado de informaci\u00f3n de todo tipo, creemos en la importancia continua de la evangelizaci\u00f3n. <strong>TFE LA RADIO <\/strong>se erige como nuestro medio de comunicaci\u00f3n, difundiendo mensajes arraigados en los principios cristianos. Nos proponemos alcanzar a la comunidad local, nacional e incluso internacional con la Palabra de Dios y los valores b\u00edblicos.<\/p>\n\n\n\n<p>Este esfuerzo no solo es una respuesta a la llamada de la Gran Comisi\u00f3n, sino tambi\u00e9n un recordatorio de que, en un mundo cambiante, seguimos comprometidos con la difusi\u00f3n de la luz del evangelio. A medida que avanzamos, lo hacemos con la firme convicci\u00f3n de que este medio de comunicaci\u00f3n ser\u00e1 una herramienta poderosa para compartir la verdad y nutrir la fe de aquellos que nos escuchan. \u00a1Agradecemos a Dios por este nuevo y emocionante viaje que hemos emprendido juntos!<\/p>\n\n\n\n<figure class=\"wp-block-embed is-type-video is-provider-youtube wp-block-embed-youtube wp-embed-aspect-16-9 wp-has-aspect-ratio\"><div class=\"wp-block-embed__wrapper\">\n<iframe title=\"TFE la Radio\" width=\"1170\" height=\"658\" src=\"https:\/\/www.youtube.com\/embed\/B2kBIO2pppQ?feature=oembed\" frameborder=\"0\" allow=\"accelerometer; autoplay; clipboard-write; encrypted-media; gyroscope; picture-in-picture; web-share\" allowfullscreen><\/iframe>\n<\/div><\/figure>\n\n\n\n<p><strong>A UNA VOZ<\/strong><\/p>\n\n\n\n<figure class=\"wp-block-image size-large\"><img fetchpriority=\"high\" decoding=\"async\" width=\"1024\" height=\"576\" src=\"http:\/\/anuario2023.torrefuerte.bo\/wp-content\/uploads\/2023\/12\/01AunaVoz-1024x576.jpg\" alt=\"\" class=\"wp-image-1183\" srcset=\"https:\/\/anuario2023.torrefuerte.bo\/wp-content\/uploads\/2023\/12\/01AunaVoz-1024x576.jpg 1024w, https:\/\/anuario2023.torrefuerte.bo\/wp-content\/uploads\/2023\/12\/01AunaVoz-300x169.jpg 300w, https:\/\/anuario2023.torrefuerte.bo\/wp-content\/uploads\/2023\/12\/01AunaVoz-768x432.jpg 768w, https:\/\/anuario2023.torrefuerte.bo\/wp-content\/uploads\/2023\/12\/01AunaVoz-1536x864.jpg 1536w, https:\/\/anuario2023.torrefuerte.bo\/wp-content\/uploads\/2023\/12\/01AunaVoz-1170x658.jpg 1170w, https:\/\/anuario2023.torrefuerte.bo\/wp-content\/uploads\/2023\/12\/01AunaVoz.jpg 1920w\" sizes=\"(max-width: 1024px) 100vw, 1024px\" \/><\/figure>\n\n\n\n<p>\u00a1\u00danete a nosotros cada d\u00eda de lunes a viernes para vivir la experiencia de &#8220;A Una Voz&#8221;! Este vibrante programa en vivo est\u00e1 dise\u00f1ado especialmente para teenagers como t\u00fa. \u00bfQuieres escuchar tu canci\u00f3n favorita? \u00a1Solo pide y la pondremos! Sum\u00e9rgete en las interacciones entre chicos y chicas de tu edad, un momento animado y lleno de diversi\u00f3n, donde compartimos el amor de Dios que nos une. Entendemos tus preguntas y dudas, \u00a1porque las compartimos contigo! Prep\u00e1rate para unirte a la comunidad &#8220;A Una Voz&#8221; y explorar juntos la vida con un toque de diversi\u00f3n y fe.<\/p>\n\n\n\n<hr class=\"wp-block-separator has-alpha-channel-opacity\"\/>\n\n\n\n<p><strong>HOLY<\/strong><\/p>\n\n\n\n<figure class=\"wp-block-image size-large\"><img decoding=\"async\" width=\"1024\" height=\"576\" src=\"http:\/\/anuario2023.torrefuerte.bo\/wp-content\/uploads\/2023\/12\/02AunaVoz-1024x576.jpg\" alt=\"\" class=\"wp-image-1184\" srcset=\"https:\/\/anuario2023.torrefuerte.bo\/wp-content\/uploads\/2023\/12\/02AunaVoz-1024x576.jpg 1024w, https:\/\/anuario2023.torrefuerte.bo\/wp-content\/uploads\/2023\/12\/02AunaVoz-300x169.jpg 300w, https:\/\/anuario2023.torrefuerte.bo\/wp-content\/uploads\/2023\/12\/02AunaVoz-768x432.jpg 768w, https:\/\/anuario2023.torrefuerte.bo\/wp-content\/uploads\/2023\/12\/02AunaVoz-1536x864.jpg 1536w, https:\/\/anuario2023.torrefuerte.bo\/wp-content\/uploads\/2023\/12\/02AunaVoz-1170x658.jpg 1170w, https:\/\/anuario2023.torrefuerte.bo\/wp-content\/uploads\/2023\/12\/02AunaVoz.jpg 1920w\" sizes=\"(max-width: 1024px) 100vw, 1024px\" \/><\/figure>\n\n\n\n<p>Descubre Holy, un emocionante programa dise\u00f1ado exclusivamente para j\u00f3venes solteros de 18 a 35 a\u00f1os. Nuestra misi\u00f3n es clara: evangelizar, educar y entretener desde una perspectiva fresca y creativa. En Holy, nos sumergimos en temas que suscitan interrogantes en la mente de cada joven, proporcionando respuestas y reflexiones significativas. A trav\u00e9s de interacciones en vivo, creamos un espacio din\u00e1mico para abordar tus inquietudes y fortalecer tu fe. \u00a1\u00danete a la experiencia Holy y conecta con lo sagrado en tu vida diaria!<\/p>\n\n\n\n<hr class=\"wp-block-separator has-alpha-channel-opacity\"\/>\n\n\n\n<p><strong>EMPRENDEDORES, LIDERAZGO Y NEGOCIOS<\/strong><\/p>\n\n\n\n<figure class=\"wp-block-image size-large\"><img decoding=\"async\" width=\"1024\" height=\"576\" src=\"http:\/\/anuario2023.torrefuerte.bo\/wp-content\/uploads\/2023\/12\/03Emprendedores-1024x576.jpg\" alt=\"\" class=\"wp-image-1186\" srcset=\"https:\/\/anuario2023.torrefuerte.bo\/wp-content\/uploads\/2023\/12\/03Emprendedores-1024x576.jpg 1024w, https:\/\/anuario2023.torrefuerte.bo\/wp-content\/uploads\/2023\/12\/03Emprendedores-300x169.jpg 300w, https:\/\/anuario2023.torrefuerte.bo\/wp-content\/uploads\/2023\/12\/03Emprendedores-768x432.jpg 768w, https:\/\/anuario2023.torrefuerte.bo\/wp-content\/uploads\/2023\/12\/03Emprendedores-1536x864.jpg 1536w, https:\/\/anuario2023.torrefuerte.bo\/wp-content\/uploads\/2023\/12\/03Emprendedores-1170x658.jpg 1170w, https:\/\/anuario2023.torrefuerte.bo\/wp-content\/uploads\/2023\/12\/03Emprendedores.jpg 1920w\" sizes=\"(max-width: 1024px) 100vw, 1024px\" \/><\/figure>\n\n\n\n<p>En el competitivo mundo profesional, donde la excelencia es la norma, \u00bfes posible seguir principios cristianos mientras prosperas en tu emprendimiento o trabajo? \u00a1La respuesta es s\u00ed! Bienvenido a &#8220;Emprendedores, Liderazgo y Negocios&#8221;, un programa dedicado a aquellos emprendedores y profesionales que desean glorificar a Dios en todas sus acciones.<\/p>\n\n\n\n<p>A trav\u00e9s de inspiradoras entrevistas con l\u00edderes y emprendedores cristianos, exploramos c\u00f3mo aplicar valores cristianos en el mundo laboral. Nos sumergimos en experiencias laborales donde nuestro Se\u00f1or es glorificado. \u00danete a nosotros cada mi\u00e9rcoles a las 20:00hrs para aprender, nutrirte y conectar con historias que inspiran y ense\u00f1an c\u00f3mo llevar a cabo negocios con un prop\u00f3sito superior. \u00a1Con\u00e9ctate y descubre c\u00f3mo puedes marcar la diferencia en el mundo laboral mientras honras a Dios!<\/p>\n\n\n\n<hr class=\"wp-block-separator has-alpha-channel-opacity\"\/>\n\n\n\n<p><strong>LA REVISTA TFE: Tu Cita Semanal con el Mundo Cristiano<\/strong><\/p>\n\n\n\n<figure class=\"wp-block-image size-large\"><img loading=\"lazy\" decoding=\"async\" width=\"1024\" height=\"576\" src=\"http:\/\/anuario2023.torrefuerte.bo\/wp-content\/uploads\/2023\/12\/04rEVISTA-1024x576.jpg\" alt=\"\" class=\"wp-image-1187\" srcset=\"https:\/\/anuario2023.torrefuerte.bo\/wp-content\/uploads\/2023\/12\/04rEVISTA-1024x576.jpg 1024w, https:\/\/anuario2023.torrefuerte.bo\/wp-content\/uploads\/2023\/12\/04rEVISTA-300x169.jpg 300w, https:\/\/anuario2023.torrefuerte.bo\/wp-content\/uploads\/2023\/12\/04rEVISTA-768x432.jpg 768w, https:\/\/anuario2023.torrefuerte.bo\/wp-content\/uploads\/2023\/12\/04rEVISTA-1536x864.jpg 1536w, https:\/\/anuario2023.torrefuerte.bo\/wp-content\/uploads\/2023\/12\/04rEVISTA-1170x658.jpg 1170w, https:\/\/anuario2023.torrefuerte.bo\/wp-content\/uploads\/2023\/12\/04rEVISTA.jpg 1920w\" sizes=\"(max-width: 1024px) 100vw, 1024px\" \/><\/figure>\n\n\n\n<p>Cada s\u00e1bado, nuestra revista matutina, &#8220;La Revista TFE&#8221;, te espera para brindarte la informaci\u00f3n m\u00e1s relevante en el mundo cristiano, abordando todas las noticias que son de tu inter\u00e9s.<\/p>\n\n\n\n<p>En esta revista, te presentamos invitados de lujo cuyos testimonios y ense\u00f1anzas iluminan el amor de Dios a trav\u00e9s de sus vidas. No te pierdas la oportunidad de conectarte y ser parte de esta experiencia enriquecedora todos los s\u00e1bados a partir de las 11 am.<\/p>\n\n\n\n<p>Sintoniza &#8220;La Revista TFE&#8221; y mantente al tanto de las noticias cristianas m\u00e1s destacadas, mientras te inspiras con las historias de aquellos que reflejan el amor divino en sus vivencias. \u00a1Te esperamos para compartir juntos cada momento especial!<\/p>\n\n\n\n<hr class=\"wp-block-separator has-alpha-channel-opacity\"\/>\n\n\n\n<p><strong>VIVENCIAS DE MAM\u00c1: Un Espacio para Criar con Prop\u00f3sito<\/strong><\/p>\n\n\n\n<figure class=\"wp-block-image size-large\"><img loading=\"lazy\" decoding=\"async\" width=\"1024\" height=\"576\" src=\"http:\/\/anuario2023.torrefuerte.bo\/wp-content\/uploads\/2023\/12\/05Vivencias-1024x576.jpg\" alt=\"\" class=\"wp-image-1188\" srcset=\"https:\/\/anuario2023.torrefuerte.bo\/wp-content\/uploads\/2023\/12\/05Vivencias-1024x576.jpg 1024w, https:\/\/anuario2023.torrefuerte.bo\/wp-content\/uploads\/2023\/12\/05Vivencias-300x169.jpg 300w, https:\/\/anuario2023.torrefuerte.bo\/wp-content\/uploads\/2023\/12\/05Vivencias-768x432.jpg 768w, https:\/\/anuario2023.torrefuerte.bo\/wp-content\/uploads\/2023\/12\/05Vivencias-1536x864.jpg 1536w, https:\/\/anuario2023.torrefuerte.bo\/wp-content\/uploads\/2023\/12\/05Vivencias-1170x658.jpg 1170w, https:\/\/anuario2023.torrefuerte.bo\/wp-content\/uploads\/2023\/12\/05Vivencias.jpg 1920w\" sizes=\"(max-width: 1024px) 100vw, 1024px\" \/><\/figure>\n\n\n\n<p>Acompa\u00f1a a Paola Zenteno en &#8220;Vivencias de Mam\u00e1&#8221;, un espacio dedicado a ti, mam\u00e1, donde nos sumergiremos en un hermoso tiempo lleno de valiosos consejos de crianza a la luz de la Palabra. Comprendemos lo desafiante que puede ser ser madre en el mundo actual, donde lo inmoral a menudo se normaliza.<\/p>\n\n\n\n<p>Queremos recordarte que no est\u00e1s sola. Juntas, enfrentamos el desaf\u00edo de criar a nuestros hijos para dar gloria a Dios. En &#8220;Vivencias de Mam\u00e1&#8221;, exploraremos experiencias aut\u00e9nticas, compartiremos sabidur\u00eda pr\u00e1ctica y nos apoyaremos mutuamente en este viaje \u00fanico de maternidad.<\/p>\n\n\n\n<p>\u00danete a nosotros y descubre c\u00f3mo, juntas, podemos abordar los desaf\u00edos de la crianza con prop\u00f3sito y fe. \u00a1Te esperamos para compartir este hermoso viaje de mam\u00e1 a mam\u00e1!<\/p>\n\n\n\n<hr class=\"wp-block-separator has-alpha-channel-opacity\"\/>\n\n\n\n<p><strong>COMO LA MIEL: Un Refugio para Mujeres Cristianas<\/strong><\/p>\n\n\n\n<figure class=\"wp-block-image size-large\"><img loading=\"lazy\" decoding=\"async\" width=\"1024\" height=\"578\" src=\"http:\/\/anuario2023.torrefuerte.bo\/wp-content\/uploads\/2023\/12\/06ComoMiel-1024x578.jpg\" alt=\"\" class=\"wp-image-1190\" srcset=\"https:\/\/anuario2023.torrefuerte.bo\/wp-content\/uploads\/2023\/12\/06ComoMiel-1024x578.jpg 1024w, https:\/\/anuario2023.torrefuerte.bo\/wp-content\/uploads\/2023\/12\/06ComoMiel-300x169.jpg 300w, https:\/\/anuario2023.torrefuerte.bo\/wp-content\/uploads\/2023\/12\/06ComoMiel-768x434.jpg 768w, https:\/\/anuario2023.torrefuerte.bo\/wp-content\/uploads\/2023\/12\/06ComoMiel-1536x868.jpg 1536w, https:\/\/anuario2023.torrefuerte.bo\/wp-content\/uploads\/2023\/12\/06ComoMiel-1170x661.jpg 1170w, https:\/\/anuario2023.torrefuerte.bo\/wp-content\/uploads\/2023\/12\/06ComoMiel.jpg 1912w\" sizes=\"(max-width: 1024px) 100vw, 1024px\" \/><\/figure>\n\n\n\n<p>Bienvenida a &#8220;Como la Miel&#8221;, un espacio pensado exclusivamente para ti, mujer. Reconocemos que tu d\u00eda a d\u00eda implica diversos desaf\u00edos, pero como hijas de Dios, estamos llamadas a vivir conforme a Su palabra.<\/p>\n\n\n\n<p>Acompa\u00f1a a nuestra pastora Rosmery Vargas en este hermoso encuentro, donde te invitamos a sumergirte en un espacio especial lleno de sabidur\u00eda y amor provenientes de nuestro Se\u00f1or. &#8220;Como la Miel&#8221; es m\u00e1s que un programa, es un refugio donde podr\u00e1s encontrar inspiraci\u00f3n, consejo y fortaleza espiritual.<\/p>\n\n\n\n<p>Sintoniza con nosotras y permite que las dulces palabras de sabidur\u00eda y amor transformen tu d\u00eda a d\u00eda. \u00a1Te esperamos con los brazos abiertos en &#8220;Como la Miel&#8221;!<\/p>\n\n\n\n<hr class=\"wp-block-separator has-alpha-channel-opacity\"\/>\n\n\n\n<p><strong>APLICACI\u00d3N M\u00d3VIL TORRE FUERTE EKKLES\u00cdA: <\/strong><\/p>\n\n\n\n<p><strong>Con\u00e9ctate en Todo Momento, en Todo Lugar<\/strong><\/p>\n\n\n\n<p>Nos emociona presentarte nuestra nueva aplicaci\u00f3n m\u00f3vil Torre Fuerte Ekklesia, dise\u00f1ada para fortalecer y estrechar los lazos entre los miembros de nuestra comunidad. Esta aplicaci\u00f3n no solo busca fidelizar a nuestros miembros, sino tambi\u00e9n proporcionar herramientas espirituales exclusivas que quiz\u00e1s no encuentres de manera p\u00fablica en las redes sociales tradicionales de la congregaci\u00f3n.<\/p>\n\n\n\n<figure class=\"wp-block-image size-large\"><img loading=\"lazy\" decoding=\"async\" width=\"1024\" height=\"578\" src=\"http:\/\/anuario2023.torrefuerte.bo\/wp-content\/uploads\/2023\/12\/07APP-1024x578.jpg\" alt=\"\" class=\"wp-image-1197\" srcset=\"https:\/\/anuario2023.torrefuerte.bo\/wp-content\/uploads\/2023\/12\/07APP-1024x578.jpg 1024w, https:\/\/anuario2023.torrefuerte.bo\/wp-content\/uploads\/2023\/12\/07APP-300x169.jpg 300w, https:\/\/anuario2023.torrefuerte.bo\/wp-content\/uploads\/2023\/12\/07APP-768x434.jpg 768w, https:\/\/anuario2023.torrefuerte.bo\/wp-content\/uploads\/2023\/12\/07APP-1536x868.jpg 1536w, https:\/\/anuario2023.torrefuerte.bo\/wp-content\/uploads\/2023\/12\/07APP-1170x661.jpg 1170w, https:\/\/anuario2023.torrefuerte.bo\/wp-content\/uploads\/2023\/12\/07APP.jpg 1912w\" sizes=\"(max-width: 1024px) 100vw, 1024px\" \/><\/figure>\n\n\n\n<p>La aplicaci\u00f3n m\u00f3vil Torre Fuerte Ekklesia se convierte en una voz espec\u00edfica para cada grupo homog\u00e9neo en nuestras redes. Queremos mantener el contacto los siete d\u00edas de la semana, no solo en eventos especiales o reuniones generales. Esta aplicaci\u00f3n se convierte en la voz de la iglesia directamente en los hogares de nuestros miembros, facilitando una conexi\u00f3n directa entre los l\u00edderes de red y los miembros.<\/p>\n\n\n\n<p>Adem\u00e1s, ofrecemos la posibilidad de proporcionar informaci\u00f3n detallada sobre las actividades de cada red, ya sean eventos, actividades especiales, horas de oraci\u00f3n, y m\u00e1s. \u00a1Descarga la aplicaci\u00f3n m\u00f3vil Torre Fuerte Ekklesia y \u00fanete a nosotros mientras creamos una comunidad m\u00e1s conectada y comprometida!<\/p>\n\n\n\n<div class=\"wp-block-buttons is-layout-flex wp-block-buttons-is-layout-flex\">\n<div class=\"wp-block-button\"><a class=\"wp-block-button__link wp-element-button\" href=\"https:\/\/anuario2023.torrefuerte.bo\/\">Volver<\/a><\/div>\n<\/div>\n","protected":false},"excerpt":{"rendered":"<p>El a\u00f1o 2023 marc\u00f3 un hito significativo para nuestra congregaci\u00f3n al ver materializado con mayor fuerza y consolidaci\u00f3n el sue\u00f1o comunicacional que compartimos: la pasi\u00f3n por predicar el evangelio. Este compromiso se ha transformado y hecho m\u00e1s accesible a trav\u00e9s de TFE LA RADIO, representando un nuevo y emocionante cap\u00edtulo en nuestro servicio. El mi\u00e9rcoles [&hellip;]<\/p>\n","protected":false},"author":2,"featured_media":0,"parent":0,"menu_order":0,"comment_status":"closed","ping_status":"closed","template":"","meta":{"om_disable_all_campaigns":false,"_monsterinsights_skip_tracking":false,"_monsterinsights_sitenote_active":false,"_monsterinsights_sitenote_note":"","_monsterinsights_sitenote_category":0,"_uf_show_specific_survey":0,"_uf_disable_surveys":false,"footnotes":""},"class_list":["post-1196","page","type-page","status-publish","hentry"],"aioseo_notices":[],"_links":{"self":[{"href":"https:\/\/anuario2023.torrefuerte.bo\/index.php\/wp-json\/wp\/v2\/pages\/1196","targetHints":{"allow":["GET"]}}],"collection":[{"href":"https:\/\/anuario2023.torrefuerte.bo\/index.php\/wp-json\/wp\/v2\/pages"}],"about":[{"href":"https:\/\/anuario2023.torrefuerte.bo\/index.php\/wp-json\/wp\/v2\/types\/page"}],"author":[{"embeddable":true,"href":"https:\/\/anuario2023.torrefuerte.bo\/index.php\/wp-json\/wp\/v2\/users\/2"}],"replies":[{"embeddable":true,"href":"https:\/\/anuario2023.torrefuerte.bo\/index.php\/wp-json\/wp\/v2\/comments?post=1196"}],"version-history":[{"count":3,"href":"https:\/\/anuario2023.torrefuerte.bo\/index.php\/wp-json\/wp\/v2\/pages\/1196\/revisions"}],"predecessor-version":[{"id":1235,"href":"https:\/\/anuario2023.torrefuerte.bo\/index.php\/wp-json\/wp\/v2\/pages\/1196\/revisions\/1235"}],"wp:attachment":[{"href":"https:\/\/anuario2023.torrefuerte.bo\/index.php\/wp-json\/wp\/v2\/media?parent=1196"}],"curies":[{"name":"wp","href":"https:\/\/api.w.org\/{rel}","templated":true}]}}